{"id":77,"date":"2013-07-04T12:50:20","date_gmt":"2013-07-04T11:50:20","guid":{"rendered":"http:\/\/www.veroniquenguyen.com\/?page_id=77"},"modified":"2022-04-04T12:59:39","modified_gmt":"2022-04-04T11:59:39","slug":"videos","status":"publish","type":"page","link":"http:\/\/www.veroniquenguyen.com\/en\/videos\/","title":{"rendered":"Video"},"content":{"rendered":"Xerfi Canal 01\/04\/2022<\/p>\n<p><a href=\"https:\/\/www.youtube.com\/watch?v=F4xc7h3YRDo\" target=\"_blank\" rel=\"noopener noreferrer\">Mutations du virus et mutations strat\u00e9giques<\/a><\/p>\n<div class=\"su-youtube su-u-responsive-media-yes\"><iframe width=\"600\" height=\"400\" src=\"https:\/\/www.youtube.com\/embed\/F4xc7h3YRDo?\" frameborder=\"0\" allowfullscreen allow=\"autoplay; encrypted-media; picture-in-picture\" title=\"\"><\/iframe><\/div>\n<p>Xerfi Canal 10\/12\/2021<\/p>\n<p><a href=\"https:\/\/www.youtube.com\/watch?v=jzvO_7bRQ2w\" target=\"_blank\" rel=\"noopener noreferrer\">Au-del\u00e0 de Porter et de l\u2019Oc\u00e9an bleu : La strat\u00e9gie du Bambou<\/a><\/p>\n<div class=\"su-youtube su-u-responsive-media-yes\"><iframe width=\"600\" height=\"400\" src=\"https:\/\/www.youtube.com\/embed\/jzvO_7bRQ2w?\" frameborder=\"0\" allowfullscreen allow=\"autoplay; encrypted-media; picture-in-picture\" title=\"\"><\/iframe><\/div>\n<p>Xerfi Canal 05\/10\/2021<\/p>\n<p><a href=\"https:\/\/www.youtube.com\/watch?v=x8aPbZqXOvw\" target=\"_blank\" rel=\"noopener noreferrer\">Le courage de prendre des mauvaises d\u00e9cisions<\/a><\/p>\n<div class=\"su-youtube su-u-responsive-media-yes\"><iframe width=\"600\" height=\"400\" src=\"https:\/\/www.youtube.com\/embed\/x8aPbZqXOvw?\" frameborder=\"0\" allowfullscreen allow=\"autoplay; encrypted-media; picture-in-picture\" title=\"\"><\/iframe><\/div>\n<p>HEC Masterclass<\/p>\n<p><a href=\"https:\/\/www.youtube.com\/watch?v=xHOnFleOs88&amp;feature=share\" target=\"_blank\" rel=\"noopener noreferrer\">The art of self-reinvention, 15\/10\/2020<\/a><\/p>\n<p><a href=\"http:\/\/www.veroniquenguyen.com\/wp-content\/uploads\/2020\/10\/self_reinvention.jpg\"><img decoding=\"async\" loading=\"lazy\" class=\"alignnone size-full wp-image-1389\" src=\"http:\/\/www.veroniquenguyen.com\/wp-content\/uploads\/2020\/10\/self_reinvention.jpg\" alt=\"\" width=\"800\" height=\"418\" srcset=\"http:\/\/www.veroniquenguyen.com\/wp-content\/uploads\/2020\/10\/self_reinvention.jpg 800w, http:\/\/www.veroniquenguyen.com\/wp-content\/uploads\/2020\/10\/self_reinvention-300x157.jpg 300w, http:\/\/www.veroniquenguyen.com\/wp-content\/uploads\/2020\/10\/self_reinvention-768x401.jpg 768w\" sizes=\"(max-width: 800px) 100vw, 800px\" \/><\/a><\/p>\n<p><span style=\"text-decoration: underline;\">Aljazzera English: France&#8217;s yellow vests&#8217; protests<\/span><\/p>\n<p><a href=\"https:\/\/www.aljazeera.com\/programmes\/countingthecost\/2018\/12\/qatar-break-opec-181208080831667.html\" target=\"_blank\" rel=\"noopener noreferrer\">Interview Aljazeera, 08\/12\/2018<\/a><\/p>\n<p><a href=\"http:\/\/www.veroniquenguyen.com\/wp-content\/uploads\/2020\/02\/Al-Jazeera-dec-2018-.jpg\"><img decoding=\"async\" loading=\"lazy\" class=\"alignnone size-full wp-image-1351\" src=\"http:\/\/www.veroniquenguyen.com\/wp-content\/uploads\/2020\/02\/Al-Jazeera-dec-2018-.jpg\" alt=\"\" width=\"1280\" height=\"720\" srcset=\"http:\/\/www.veroniquenguyen.com\/wp-content\/uploads\/2020\/02\/Al-Jazeera-dec-2018-.jpg 1280w, http:\/\/www.veroniquenguyen.com\/wp-content\/uploads\/2020\/02\/Al-Jazeera-dec-2018--300x169.jpg 300w, http:\/\/www.veroniquenguyen.com\/wp-content\/uploads\/2020\/02\/Al-Jazeera-dec-2018--1024x576.jpg 1024w, http:\/\/www.veroniquenguyen.com\/wp-content\/uploads\/2020\/02\/Al-Jazeera-dec-2018--768x432.jpg 768w\" sizes=\"(max-width: 1280px) 100vw, 1280px\" \/><\/a><\/p>\n<p><span style=\"text-decoration: underline;\">France Inter: Le T\u00e9l\u00e9phone Sonne.\u00a0Ryanair, Uber : vers la fin du mod\u00e8le low cost ?<\/span><\/p>\n<p><a href=\"https:\/\/www.franceinter.fr\/emissions\/le-telephone-sonne\/le-telephone-sonne-16-aout-2018\" target=\"_blank\" rel=\"noopener noreferrer\">Le T\u00e9l\u00e9phone Sonne, 16\/08\/2018<\/a><\/p>\n<p><span style=\"text-decoration: underline;\">BFMBusiness: Les Experts de Nicolas Doze. Intelligence artificielle et Amazon<\/span><\/p>\n<p><a href=\"http:\/\/bfmbusiness.bfmtv.com\/mediaplayer\/video\/nicolas-doze-les-experts-12-2903-1052933.html\" target=\"_blank\" rel=\"noopener noreferrer\">Les Experts, 29\/03\/2018<\/a><\/p>\n<p><a href=\"http:\/\/www.veroniquenguyen.com\/wp-content\/uploads\/2018\/03\/BFM-29-mars-.jpg\"><img decoding=\"async\" loading=\"lazy\" class=\"alignnone size-full wp-image-1244\" src=\"http:\/\/www.veroniquenguyen.com\/wp-content\/uploads\/2018\/03\/BFM-29-mars-.jpg\" alt=\"\" width=\"1280\" height=\"720\" srcset=\"http:\/\/www.veroniquenguyen.com\/wp-content\/uploads\/2018\/03\/BFM-29-mars-.jpg 1280w, http:\/\/www.veroniquenguyen.com\/wp-content\/uploads\/2018\/03\/BFM-29-mars--300x169.jpg 300w, http:\/\/www.veroniquenguyen.com\/wp-content\/uploads\/2018\/03\/BFM-29-mars--768x432.jpg 768w, http:\/\/www.veroniquenguyen.com\/wp-content\/uploads\/2018\/03\/BFM-29-mars--1024x576.jpg 1024w\" sizes=\"(max-width: 1280px) 100vw, 1280px\" \/><\/a><\/p>\n<p><span style=\"text-decoration: underline;\">BFMBusiness: Les Experts de Nicolas Doze<\/span><\/p>\n<p><a href=\"http:\/\/bfmbusiness.bfmtv.com\/mediaplayer\/video\/nicolas-doze-les-experts-12-0203-1042387.html\" target=\"_blank\" rel=\"noopener noreferrer\">Les Experts, 02\/03\/2018<\/a><\/p>\n<p><a href=\"http:\/\/www.veroniquenguyen.com\/wp-content\/uploads\/2018\/03\/BFM-2-mars-2018.png\"><img decoding=\"async\" loading=\"lazy\" class=\"alignnone size-full wp-image-1211\" src=\"http:\/\/www.veroniquenguyen.com\/wp-content\/uploads\/2018\/03\/BFM-2-mars-2018.png\" alt=\"\" width=\"1024\" height=\"768\" srcset=\"http:\/\/www.veroniquenguyen.com\/wp-content\/uploads\/2018\/03\/BFM-2-mars-2018.png 1024w, http:\/\/www.veroniquenguyen.com\/wp-content\/uploads\/2018\/03\/BFM-2-mars-2018-300x225.png 300w, http:\/\/www.veroniquenguyen.com\/wp-content\/uploads\/2018\/03\/BFM-2-mars-2018-768x576.png 768w\" sizes=\"(max-width: 1024px) 100vw, 1024px\" \/><\/a><\/p>\n<p><span style=\"text-decoration: underline;\">Europe 1-Le d\u00e9bat d\u2019Europe Soir \u2013 Fr\u00e9d\u00e9ric Tadde\u00ef \u2013 Loi alimentation: la fin des promotions?<br \/>\n<\/span><br \/>\n<a href=\"http:\/\/www.europe1.fr\/emissions\/les-experts-deurope-soir\/le-debat-deurope-soir-frederic-taddei-loi-alimentation-la-fin-des-promotions-3560927-club-de-france\/\" target=\"_blank\" rel=\"noopener noreferrer\">Podcast Europe 1, 30\/01\/2018<\/a><\/p>\n<blockquote class=\"twitter-tweet\" data-lang=\"fr\">\n<p dir=\"ltr\" lang=\"fr\">.<a href=\"https:\/\/twitter.com\/veroNguyen_?ref_src=twsrc%5Etfw\">@veroNguyen_<\/a> (<a href=\"https:\/\/twitter.com\/HECParis?ref_src=twsrc%5Etfw\">@HECParis<\/a>) revient sur les \u00e9meutes pour du Nutella : &#8220;\u00e7a montre la force d&#8217;une marque comme Nutella qui n&#8217;a pas de substitut&#8221; <a href=\"https:\/\/twitter.com\/hashtag\/E1SoirLeDebat?src=hash&amp;ref_src=twsrc%5Etfw\">#E1SoirLeDebat<\/a> <a href=\"https:\/\/t.co\/bCRbhsI7DY\">pic.twitter.com\/bCRbhsI7DY<\/a><\/p>\n<p>\u2014 Europe 1 (@Europe1) <a href=\"https:\/\/twitter.com\/Europe1\/status\/958407006355771393?ref_src=twsrc%5Etfw\">30 janvier 2018<\/a><\/p><\/blockquote>\n<p><script async src=\"https:\/\/platform.twitter.com\/widgets.js\" charset=\"utf-8\"><\/script><\/p>\n<blockquote class=\"twitter-tweet\" data-lang=\"fr\"><p>.<a href=\"https:\/\/twitter.com\/veroNguyen_?ref_src=twsrc%5Etfw\">@veroNguyen_<\/a> (<a href=\"https:\/\/twitter.com\/HECParis?ref_src=twsrc%5Etfw\">@HECParis<\/a>) sur la loi alimentation : &#8220;Cette loi va dans le bon sens parce qu&#8217;elle r\u00e9duit l&#8217;intensit\u00e9 concurrentielle, \u00e7a n&#8217;est pas assez mais c&#8217;est d\u00e9j\u00e0 un premier pas dans la bonne direction&#8221; <a href=\"https:\/\/twitter.com\/hashtag\/E1SoirLeDebat?src=hash&amp;ref_src=twsrc%5Etfw\">#E1SoirLeDebat<\/a> <a href=\"https:\/\/t.co\/5EWxg4FN96\">pic.twitter.com\/5EWxg4FN96<\/a><\/p>\n<p>\u2014 Europe 1 (@Europe1) <a href=\"https:\/\/twitter.com\/Europe1\/status\/958411019231019010?ref_src=twsrc%5Etfw\">30 janvier 2018<\/a><\/p><\/blockquote>\n<p><script src=\"https:\/\/platform.twitter.com\/widgets.js\" async=\"\" charset=\"utf-8\"><\/script><\/p>\n<p><span style=\"text-decoration: underline;\">France 5: La Quotidienne &#8211; Gifi, Action, Centrakor&#8230; que valent ces grands bazars ?<\/span><\/p>\n<p><a href=\"https:\/\/www.youtube.com\/watch?v=u1U1OLnAsH0\" target=\"_blank\" rel=\"noopener noreferrer\">Replay Octobre, 10 2017<\/a><\/p>\n<p><iframe loading=\"lazy\" title=\"Gifi, Action, Centrakor... que valent ces grands bazars ?\" width=\"500\" height=\"281\" src=\"https:\/\/www.youtube.com\/embed\/u1U1OLnAsH0?feature=oembed\" frameborder=\"0\" allow=\"accelerometer; autoplay; clipboard-write; encrypted-media; gyroscope; picture-in-picture\" allowfullscreen><\/iframe><\/p>\n<p><span style=\"text-decoration: underline;\">Aljazzera English: Labour code reform<br \/>\n<\/span><\/p>\n<p><a href=\"http:\/\/www.aljazeera.com\/programmes\/countingthecost\/2017\/09\/apple-iphone-economy-170916094814348.html\" target=\"_blank\" rel=\"noopener noreferrer\">Interview Aljazeera, 16\/09\/2017<\/a><\/p>\n<p><a href=\"http:\/\/www.veroniquenguyen.com\/wp-content\/uploads\/2013\/07\/AljazeeraSeptember2017.jpg\" rel=\"attachment wp-att-1108\"><img decoding=\"async\" loading=\"lazy\" class=\"alignnone size-full wp-image-1108\" src=\"http:\/\/www.veroniquenguyen.com\/wp-content\/uploads\/2013\/07\/AljazeeraSeptember2017.jpg\" alt=\"AljazeeraSeptember2017\" width=\"1280\" height=\"720\" srcset=\"http:\/\/www.veroniquenguyen.com\/wp-content\/uploads\/2013\/07\/AljazeeraSeptember2017.jpg 1280w, http:\/\/www.veroniquenguyen.com\/wp-content\/uploads\/2013\/07\/AljazeeraSeptember2017-300x169.jpg 300w, http:\/\/www.veroniquenguyen.com\/wp-content\/uploads\/2013\/07\/AljazeeraSeptember2017-768x432.jpg 768w, http:\/\/www.veroniquenguyen.com\/wp-content\/uploads\/2013\/07\/AljazeeraSeptember2017-1024x576.jpg 1024w\" sizes=\"(max-width: 1280px) 100vw, 1280px\" \/><\/a><\/p>\n<p><span style=\"text-decoration: underline;\">Xerfi Canal 29\/06\/2017<br \/>\n<\/span><\/p>\n<p><a href=\"https:\/\/www.youtube.com\/watch?v=ahpWRBmrvq4\" target=\"_blank\" rel=\"noopener noreferrer\">Faire de la French touch le coeur de la comp\u00e9titivit\u00e9 fran\u00e7aise <\/a><\/p>\n<div class=\"su-youtube su-u-responsive-media-yes\"><iframe width=\"600\" height=\"400\" src=\"https:\/\/www.youtube.com\/embed\/ahpWRBmrvq4?\" frameborder=\"0\" allowfullscreen allow=\"autoplay; encrypted-media; picture-in-picture\" title=\"\"><\/iframe><\/div>\n<p><a href=\"http:\/\/www.veroniquenguyen.com\/wp-content\/uploads\/2017\/06\/Xerfi-29-juin-2017.jpg\" rel=\"attachment wp-att-1098\"><img decoding=\"async\" loading=\"lazy\" class=\"alignnone size-full wp-image-1098\" src=\"http:\/\/www.veroniquenguyen.com\/wp-content\/uploads\/2017\/06\/Xerfi-29-juin-2017.jpg\" alt=\"Xerfi 29 juin 2017\" width=\"1280\" height=\"720\" srcset=\"http:\/\/www.veroniquenguyen.com\/wp-content\/uploads\/2017\/06\/Xerfi-29-juin-2017.jpg 1280w, http:\/\/www.veroniquenguyen.com\/wp-content\/uploads\/2017\/06\/Xerfi-29-juin-2017-300x169.jpg 300w, http:\/\/www.veroniquenguyen.com\/wp-content\/uploads\/2017\/06\/Xerfi-29-juin-2017-768x432.jpg 768w, http:\/\/www.veroniquenguyen.com\/wp-content\/uploads\/2017\/06\/Xerfi-29-juin-2017-1024x576.jpg 1024w\" sizes=\"(max-width: 1280px) 100vw, 1280px\" \/><\/a><\/p>\n<p><span style=\"text-decoration: underline;\">France 5: La Quotidienne &#8211; La fin du hard discount<\/span><\/p>\n<p><a href=\"https:\/\/www.youtube.com\/watch?v=kgb3U5ahHmI\" target=\"_blank\" rel=\"noopener noreferrer\">Replay June, 20 2017<\/a><\/p>\n<p><a href=\"http:\/\/www.veroniquenguyen.com\/wp-content\/uploads\/2017\/06\/Quotidienne-22-juin.jpg\" rel=\"attachment wp-att-1090\"><img decoding=\"async\" loading=\"lazy\" class=\"alignnone size-full wp-image-1090\" src=\"http:\/\/www.veroniquenguyen.com\/wp-content\/uploads\/2017\/06\/Quotidienne-22-juin.jpg\" alt=\"Quotidienne 22 juin\" width=\"1280\" height=\"720\" srcset=\"http:\/\/www.veroniquenguyen.com\/wp-content\/uploads\/2017\/06\/Quotidienne-22-juin.jpg 1280w, http:\/\/www.veroniquenguyen.com\/wp-content\/uploads\/2017\/06\/Quotidienne-22-juin-300x169.jpg 300w, http:\/\/www.veroniquenguyen.com\/wp-content\/uploads\/2017\/06\/Quotidienne-22-juin-768x432.jpg 768w, http:\/\/www.veroniquenguyen.com\/wp-content\/uploads\/2017\/06\/Quotidienne-22-juin-1024x576.jpg 1024w\" sizes=\"(max-width: 1280px) 100vw, 1280px\" \/><\/a><\/p>\n<p><span style=\"text-decoration: underline;\">Aljazzera English: French Elections<br \/>\n<\/span><\/p>\n<p><a href=\"http:\/\/www.aljazeera.com\/programmes\/countingthecost\/2017\/05\/china-mission-reinvent-silk-road-170513082301640.html\" target=\"_blank\" rel=\"noopener noreferrer\">Interview Aljazeera, 13\/05\/2017<\/a><\/p>\n<p><a href=\"http:\/\/www.veroniquenguyen.com\/wp-content\/uploads\/2017\/05\/AlJazeeraMay2017.jpg\" rel=\"attachment wp-att-1083\"><img decoding=\"async\" loading=\"lazy\" class=\"alignnone size-full wp-image-1083\" src=\"http:\/\/www.veroniquenguyen.com\/wp-content\/uploads\/2017\/05\/AlJazeeraMay2017.jpg\" alt=\"AlJazeeraMay2017\" width=\"1280\" height=\"720\" srcset=\"http:\/\/www.veroniquenguyen.com\/wp-content\/uploads\/2017\/05\/AlJazeeraMay2017.jpg 1280w, http:\/\/www.veroniquenguyen.com\/wp-content\/uploads\/2017\/05\/AlJazeeraMay2017-300x169.jpg 300w, http:\/\/www.veroniquenguyen.com\/wp-content\/uploads\/2017\/05\/AlJazeeraMay2017-768x432.jpg 768w, http:\/\/www.veroniquenguyen.com\/wp-content\/uploads\/2017\/05\/AlJazeeraMay2017-1024x576.jpg 1024w\" sizes=\"(max-width: 1280px) 100vw, 1280px\" \/><\/a><\/p>\n<p><span style=\"text-decoration: underline;\">France 5: La Quotidienne &#8211; La fin du hard discount<\/span><\/p>\n<div class=\"su-youtube su-u-responsive-media-yes\"><iframe width=\"600\" height=\"400\" src=\"https:\/\/www.youtube.com\/embed\/JHm86590pOw?\" frameborder=\"0\" allowfullscreen allow=\"autoplay; encrypted-media; picture-in-picture\" title=\"\"><\/iframe><\/div>\n<p><span style=\"text-decoration: underline;\">BFMBusiness: Le &#8220;Baro\u00a0Eco&#8221; du moral des cadres<br \/>\n<\/span><\/p>\n<p><a href=\"http:\/\/bfmbusiness.bfmtv.com\/mediaplayer\/video\/comment-se-porte-le-moral-des-cadres-en-france-2501-906979.html\" target=\"_blank\" rel=\"noopener noreferrer\">Interview Goob Morning Business, 25\/01\/2017<\/a><\/p>\n<p><span style=\"text-decoration: underline;\">Xerfi Canal 23\/01\/0217<\/span><\/p>\n<div class=\"su-youtube su-u-responsive-media-yes\"><iframe width=\"600\" height=\"400\" src=\"https:\/\/www.youtube.com\/embed\/Z3CdYCnDn6o?\" frameborder=\"0\" allowfullscreen allow=\"autoplay; encrypted-media; picture-in-picture\" title=\"\"><\/iframe><\/div>\n<p><span style=\"text-decoration: underline;\">France 24: Le Gros Mot de l&#8217;Eco<br \/>\n<\/span><\/p>\n<p><a href=\"https:\/\/www.youtube.com\/watch?v=nRIz-spoETk\" target=\"_blank\" rel=\"noopener noreferrer\">&#8220;La D\u00e9croissance&#8221;, 14 janvier 2017<\/a><\/p>\n<p><span style=\"text-decoration: underline;\">BFMBusiness: Les d\u00e9codeurs de l&#8217;\u00e9co<br \/>\n<\/span><\/p>\n<p><a href=\"http:\/\/bfmbusiness.bfmtv.com\/mediaplayer\/video\/trump-pas-encore-president-1101-902267.html#\" target=\"_blank\" rel=\"noopener noreferrer\">&#8220;Trump, pas encore Pr\u00e9sident&#8221;, 11 janvier 2017<\/a><\/p>\n<p><span style=\"text-decoration: underline;\">Live@HEC<\/span><\/p>\n<p><a href=\"https:\/\/www.facebook.com\/HECParis\/videos\/10154609085767954\/\">#Election2016 #Trump \u00e0 la Maison Blanche? Quelles cons\u00e9quences g\u00e9opolitiques et \u00e9conomiques?<\/a><\/p>\n<p><span style=\"text-decoration: underline;\">Xerfi Canal 25\/10\/2016<\/span><\/p>\n<div class=\"su-youtube su-u-responsive-media-yes\"><iframe width=\"600\" height=\"400\" src=\"https:\/\/www.youtube.com\/embed\/HTbXGlhelgM?\" frameborder=\"0\" allowfullscreen allow=\"autoplay; encrypted-media; picture-in-picture\" title=\"\"><\/iframe><\/div>\n<p><span style=\"text-decoration: underline;\">Xerfi Canal 01\/09\/2016<\/span><\/p>\n<div class=\"su-youtube su-u-responsive-media-yes\"><iframe width=\"600\" height=\"400\" src=\"https:\/\/www.youtube.com\/embed\/dSxN562ETBI?\" frameborder=\"0\" allowfullscreen allow=\"autoplay; encrypted-media; picture-in-picture\" title=\"\"><\/iframe><\/div>\n<p><span style=\"text-decoration: underline;\">BFM Business club de France 02\/09\/2016<\/span><\/p>\n<p><a href=\"http:\/\/bfmbusiness.bfmtv.com\/mediaplayer\/podcast\/business-club-de-france\/\" target=\"_blank\" rel=\"noopener noreferrer\">Podcast BFM<\/a><\/p>\n<p><span style=\"text-decoration: underline;\">Introduction to my EMBA class on performance management &#8211; Lessons from the French Swim Team &#8211; EMBA HEC PARIS 07\/21\/2015 <\/span><\/p>\n<div class=\"su-youtube su-u-responsive-media-yes\"><iframe width=\"600\" height=\"400\" src=\"https:\/\/www.youtube.com\/embed\/SX1qtGjye6M?autohide=2&amp;autoplay=0&amp;mute=0&amp;controls=1&amp;fs=1&amp;loop=0&amp;modestbranding=0&amp;rel=0&amp;showinfo=0&amp;theme=light&amp;wmode=&amp;playsinline=0\" frameborder=\"0\" allowfullscreen allow=\"autoplay; encrypted-media; picture-in-picture\" title=\"\"><\/iframe><\/div>\n<p>&nbsp;<\/p>\n<p><span style=\"text-decoration: underline;\">BFM Business club de France 30\/08\/2014<\/span><\/p>\n<p><a href=\"http:\/\/bfmbusiness.bfmtv.com\/mediaplayer\/podcast\/business-club-de-france\/\">Podcast BFM<\/a><\/p>\n<p>&nbsp;<\/p>\n<p><span style=\"text-decoration: underline;\">JT France 2 20h &#8211;\u00a0 16\/10\/2012<\/span><\/p>\n<p><a href=\"http:\/\/www.veroniquenguyen.com\/wp-content\/uploads\/2013\/07\/JT-16-octobre-2012.jpg\"><img decoding=\"async\" loading=\"lazy\" class=\"alignnone size-medium wp-image-204\" src=\"http:\/\/www.veroniquenguyen.com\/wp-content\/uploads\/2013\/07\/JT-16-octobre-2012-300x176.jpg\" alt=\"JT 16 octobre 2012\" width=\"300\" height=\"176\" \/><\/a>","protected":false},"excerpt":{"rendered":"<p>Xerfi Canal 01\/04\/2022 Mutations du virus et mutations strat\u00e9giques Xerfi Canal 10\/12\/2021 Au-del\u00e0 de Porter et de l\u2019Oc\u00e9an bleu : La strat\u00e9gie du Bambou Xerfi Canal 05\/10\/2021 Le courage de prendre des mauvaises d\u00e9cisions HEC Masterclass The art of self-reinvention, 15\/10\/2020 Aljazzera English: France&#8217;s yellow vests&#8217; protests Interview Aljazeera, 08\/12\/2018&#8230;<\/p>\n","protected":false},"author":1,"featured_media":0,"parent":0,"menu_order":0,"comment_status":"closed","ping_status":"closed","template":"","meta":[],"_links":{"self":[{"href":"http:\/\/www.veroniquenguyen.com\/en\/wp-json\/wp\/v2\/pages\/77"}],"collection":[{"href":"http:\/\/www.veroniquenguyen.com\/en\/wp-json\/wp\/v2\/pages"}],"about":[{"href":"http:\/\/www.veroniquenguyen.com\/en\/wp-json\/wp\/v2\/types\/page"}],"author":[{"embeddable":true,"href":"http:\/\/www.veroniquenguyen.com\/en\/wp-json\/wp\/v2\/users\/1"}],"replies":[{"embeddable":true,"href":"http:\/\/www.veroniquenguyen.com\/en\/wp-json\/wp\/v2\/comments?post=77"}],"version-history":[{"count":63,"href":"http:\/\/www.veroniquenguyen.com\/en\/wp-json\/wp\/v2\/pages\/77\/revisions"}],"predecessor-version":[{"id":1424,"href":"http:\/\/www.veroniquenguyen.com\/en\/wp-json\/wp\/v2\/pages\/77\/revisions\/1424"}],"wp:attachment":[{"href":"http:\/\/www.veroniquenguyen.com\/en\/wp-json\/wp\/v2\/media?parent=77"}],"curies":[{"name":"wp","href":"https:\/\/api.w.org\/{rel}","templated":true}]}}